{"id":988556,"date":"2017-11-08T19:11:56","date_gmt":"2017-11-08T18:11:56","guid":{"rendered":"https:\/\/armoniastudio.es\/espalda-y-cuello\/"},"modified":"2024-11-12T07:59:53","modified_gmt":"2024-11-12T06:59:53","slug":"espalda-y-cuello","status":"publish","type":"page","link":"http:\/\/armoniastudio.es\/fr\/espalda-y-cuello\/","title":{"rendered":"Dos et cou"},"content":{"rendered":"<div class=\"vgblk-rw-wrapper limit-wrapper\">\n\n\t\t\t\t<a href=\"https:\/\/armoniastudio.es\/wp-content\/uploads\/2024\/05\/ELODIE-59.jpg\" target=\"_self\" itemprop=\"url\" title=\"ELODIE-59\" rel=\"noopener\">\n\t\t\t\t\t\t\t<img loading=\"lazy\" decoding=\"async\" width=\"1920\" height=\"1280\" src=\"http:\/\/armoniastudio.es\/wp-content\/uploads\/2024\/05\/ELODIE-59.jpg\" alt=\"ELODIE-59\" itemprop=\"image\" data-link-type=\"lightbox\" title=\"ELODIE-59\" onerror=\"this.style.display='none'\"  sizes=\"auto, (max-width: 768px) 100vw, 100vw\" srcset=\"https:\/\/armoniastudio.es\/wp-content\/uploads\/2024\/05\/ELODIE-59.jpg 1920w, https:\/\/armoniastudio.es\/wp-content\/uploads\/2024\/05\/ELODIE-59-300x200.jpg 300w, https:\/\/armoniastudio.es\/wp-content\/uploads\/2024\/05\/ELODIE-59-1024x683.jpg 1024w, https:\/\/armoniastudio.es\/wp-content\/uploads\/2024\/05\/ELODIE-59-768x512.jpg 768w, https:\/\/armoniastudio.es\/wp-content\/uploads\/2024\/05\/ELODIE-59-1536x1024.jpg 1536w, https:\/\/armoniastudio.es\/wp-content\/uploads\/2024\/05\/ELODIE-59-1260x840.jpg 1260w, https:\/\/armoniastudio.es\/wp-content\/uploads\/2024\/05\/ELODIE-59-630x420.jpg 630w, https:\/\/armoniastudio.es\/wp-content\/uploads\/2024\/05\/ELODIE-59-420x280.jpg 420w, https:\/\/armoniastudio.es\/wp-content\/uploads\/2024\/05\/ELODIE-59-840x560.jpg 840w, https:\/\/armoniastudio.es\/wp-content\/uploads\/2024\/05\/ELODIE-59-315x210.jpg 315w\" \/>\t\t\t\t\t\t<\/a>\n\t\t\t\t<a href=\"https:\/\/armoniastudio.es\/wp-content\/uploads\/2024\/05\/ELODIE-102.jpg\" target=\"_self\" itemprop=\"url\" title=\"ELODIE-102\" rel=\"noopener\">\n\t\t\t\t\t\t\t<img loading=\"lazy\" decoding=\"async\" width=\"1920\" height=\"1280\" src=\"http:\/\/armoniastudio.es\/wp-content\/uploads\/2024\/05\/ELODIE-102.jpg\" alt=\"ELODIE-102\" itemprop=\"image\" data-link-type=\"lightbox\" title=\"ELODIE-102\" onerror=\"this.style.display='none'\"  sizes=\"auto, (max-width: 768px) 100vw, 100vw\" srcset=\"https:\/\/armoniastudio.es\/wp-content\/uploads\/2024\/05\/ELODIE-102.jpg 1920w, https:\/\/armoniastudio.es\/wp-content\/uploads\/2024\/05\/ELODIE-102-300x200.jpg 300w, https:\/\/armoniastudio.es\/wp-content\/uploads\/2024\/05\/ELODIE-102-1024x683.jpg 1024w, https:\/\/armoniastudio.es\/wp-content\/uploads\/2024\/05\/ELODIE-102-768x512.jpg 768w, https:\/\/armoniastudio.es\/wp-content\/uploads\/2024\/05\/ELODIE-102-1536x1024.jpg 1536w, https:\/\/armoniastudio.es\/wp-content\/uploads\/2024\/05\/ELODIE-102-1260x840.jpg 1260w, https:\/\/armoniastudio.es\/wp-content\/uploads\/2024\/05\/ELODIE-102-630x420.jpg 630w, https:\/\/armoniastudio.es\/wp-content\/uploads\/2024\/05\/ELODIE-102-420x280.jpg 420w, https:\/\/armoniastudio.es\/wp-content\/uploads\/2024\/05\/ELODIE-102-840x560.jpg 840w, https:\/\/armoniastudio.es\/wp-content\/uploads\/2024\/05\/ELODIE-102-315x210.jpg 315w\" \/>\t\t\t\t\t\t<\/a>\n<h2>\n\tTerapias\n\t<\/h2>\n<h1>\n\tEspalda y cuello\n\t<\/h1>\n\t<p>En Armon\u00eda studio, entendemos que cada persona es \u00fanica y requiere un enfoque personalizado para abordar sus necesidades de salud y bienestar. Es por eso que te ofrecemos <b>asesoramiento gratuito <\/b>para dise\u00f1ar tu plan de tratamiento personalizado espec\u00edficamente para terapias de espalda y cuello.<\/p>\n<p><b>Nuestros tratamientos, <\/b>como las clases terap\u00e9uticas de <b>GYROTONIC\u00ae o GYROKINESIS\u00ae, <\/b>ofrecen un <b>enfoque din\u00e1mico para fortalecer y estirar los m\u00fasculos,<\/b> promoviendo una <b>mejor postura y movilidad<\/b><\/p>\n<h3>\n\tTerapia personalizada\n\t<\/h3>\n\t<p><b>Nuestros masajes terap\u00e9uticos, como el quiromasaje y el masaje ayurv\u00e9dico de cabeza<\/b> est\u00e1n dise\u00f1ados para <b>aliviar la tensi\u00f3n y reducir el dolor. <\/b>Te brindar\u00e1n<b> una sensaci\u00f3n de bienestar y relajaci\u00f3n profunda.<\/b><\/p>\n<p>Estamos aqu\u00ed para <b>escuchar tus preocupaciones, evaluar tus necesidades individuales<\/b> y trabajar contigo para <b>desarrollar un plan integral que te ayude a aliviar el dolor, mejorar la movilidad y promover la salud en general.\u00a0<\/b><\/p>\n<p>\u00a1Cont\u00e1ctanos para dar el primer paso hacia una vida sin dolor y con m\u00e1s vitalidad!<\/p>\n\t<a href=\"https:\/\/armoniastudio.es\/sobre-mi\/#contacto\" target=\"_self\" role=\"button\" rel=\"noopener\">\n\t\t\t\t\tCont\u00e1ctame\n\t<\/a>\n\n<\/div><!-- .vgblk-rw-wrapper -->","protected":false},"excerpt":{"rendered":"<p>Terapias Espalda y cuello En Armon\u00eda studio, entendemos que cada persona es \u00fanica y requiere un enfoque personalizado para abordar sus necesidades de salud y bienestar. Es por eso que te ofrecemos asesoramiento gratuito para dise\u00f1ar tu plan de tratamiento personalizado espec\u00edficamente para terapias de espalda y cuello. Nuestros tratamientos, como las clases terap\u00e9uticas de&#8230;<\/p>\n","protected":false},"author":1,"featured_media":0,"parent":0,"menu_order":0,"comment_status":"closed","ping_status":"closed","template":"","meta":{"inline_featured_image":false,"_joinchat":[],"footnotes":""},"class_list":["post-988556","page","type-page","status-publish","hentry"],"yoast_head":"<!-- This site is optimized with the Yoast SEO plugin v28.4 - https:\/\/yoast.com\/product\/yoast-seo-wordpress\/ -->\n<title>Dos et cou - Armon\u00eda Studio<\/title>\n<meta name=\"robots\" content=\"index, follow, max-snippet:-1, max-image-preview:large, max-video-preview:-1\" \/>\n<link rel=\"canonical\" href=\"http:\/\/armoniastudio.es\/fr\/espalda-y-cuello\/\" \/>\n<meta property=\"og:locale\" content=\"fr_FR\" \/>\n<meta property=\"og:type\" content=\"article\" \/>\n<meta property=\"og:title\" content=\"Dos et cou - Armon\u00eda Studio\" \/>\n<meta property=\"og:description\" content=\"Terapias Espalda y cuello En Armon\u00eda studio, entendemos que cada persona es \u00fanica y requiere un enfoque personalizado para abordar sus necesidades de salud y bienestar. Es por eso que te ofrecemos asesoramiento gratuito para dise\u00f1ar tu plan de tratamiento personalizado espec\u00edficamente para terapias de espalda y cuello. Nuestros tratamientos, como las clases terap\u00e9uticas de...\" \/>\n<meta property=\"og:url\" content=\"http:\/\/armoniastudio.es\/fr\/espalda-y-cuello\/\" \/>\n<meta property=\"og:site_name\" content=\"Armon\u00eda Studio\" \/>\n<meta property=\"article:modified_time\" content=\"2024-11-12T06:59:53+00:00\" \/>\n<meta property=\"og:image\" content=\"http:\/\/armoniastudio.es\/wp-content\/uploads\/2024\/05\/ELODIE-59.jpg\" \/>\n<meta name=\"twitter:card\" content=\"summary_large_image\" \/>\n<meta name=\"twitter:label1\" content=\"Dur\u00e9e de lecture estim\u00e9e\" \/>\n\t<meta name=\"twitter:data1\" content=\"1 minute\" \/>\n<script type=\"application\/ld+json\" class=\"yoast-schema-graph\">{\"@context\":\"https:\\\/\\\/schema.org\",\"@graph\":[{\"@type\":\"WebPage\",\"@id\":\"http:\\\/\\\/armoniastudio.es\\\/fr\\\/espalda-y-cuello\\\/\",\"url\":\"http:\\\/\\\/armoniastudio.es\\\/fr\\\/espalda-y-cuello\\\/\",\"name\":\"Dos et cou - Armon\u00eda Studio\",\"isPartOf\":{\"@id\":\"\\\/#website\"},\"primaryImageOfPage\":{\"@id\":\"http:\\\/\\\/armoniastudio.es\\\/fr\\\/espalda-y-cuello\\\/#primaryimage\"},\"image\":{\"@id\":\"http:\\\/\\\/armoniastudio.es\\\/fr\\\/espalda-y-cuello\\\/#primaryimage\"},\"thumbnailUrl\":\"http:\\\/\\\/armoniastudio.es\\\/wp-content\\\/uploads\\\/2024\\\/05\\\/ELODIE-59.jpg\",\"datePublished\":\"2017-11-08T18:11:56+00:00\",\"dateModified\":\"2024-11-12T06:59:53+00:00\",\"breadcrumb\":{\"@id\":\"http:\\\/\\\/armoniastudio.es\\\/fr\\\/espalda-y-cuello\\\/#breadcrumb\"},\"inLanguage\":\"fr-FR\",\"potentialAction\":[{\"@type\":\"ReadAction\",\"target\":[\"http:\\\/\\\/armoniastudio.es\\\/fr\\\/espalda-y-cuello\\\/\"]}]},{\"@type\":\"ImageObject\",\"inLanguage\":\"fr-FR\",\"@id\":\"http:\\\/\\\/armoniastudio.es\\\/fr\\\/espalda-y-cuello\\\/#primaryimage\",\"url\":\"http:\\\/\\\/armoniastudio.es\\\/wp-content\\\/uploads\\\/2024\\\/05\\\/ELODIE-59.jpg\",\"contentUrl\":\"http:\\\/\\\/armoniastudio.es\\\/wp-content\\\/uploads\\\/2024\\\/05\\\/ELODIE-59.jpg\"},{\"@type\":\"BreadcrumbList\",\"@id\":\"http:\\\/\\\/armoniastudio.es\\\/fr\\\/espalda-y-cuello\\\/#breadcrumb\",\"itemListElement\":[{\"@type\":\"ListItem\",\"position\":1,\"name\":\"Portada\",\"item\":\"https:\\\/\\\/armoniastudio.es\\\/fr\\\/\"},{\"@type\":\"ListItem\",\"position\":2,\"name\":\"Dos et cou\"}]},{\"@type\":\"WebSite\",\"@id\":\"\\\/#website\",\"url\":\"\\\/\",\"name\":\"Armon\u00eda Studio\",\"description\":\"\",\"publisher\":{\"@id\":\"\\\/#organization\"},\"potentialAction\":[{\"@type\":\"SearchAction\",\"target\":{\"@type\":\"EntryPoint\",\"urlTemplate\":\"\\\/?s={search_term_string}\"},\"query-input\":{\"@type\":\"PropertyValueSpecification\",\"valueRequired\":true,\"valueName\":\"search_term_string\"}}],\"inLanguage\":\"fr-FR\"},{\"@type\":\"Organization\",\"@id\":\"\\\/#organization\",\"name\":\"Armon\u00eda Studio\",\"url\":\"\\\/\",\"logo\":{\"@type\":\"ImageObject\",\"inLanguage\":\"fr-FR\",\"@id\":\"\\\/#\\\/schema\\\/logo\\\/image\\\/\",\"url\":\"http:\\\/\\\/armoniastudio.es\\\/wp-content\\\/uploads\\\/2024\\\/03\\\/Armonia-Studio_negro.png\",\"contentUrl\":\"http:\\\/\\\/armoniastudio.es\\\/wp-content\\\/uploads\\\/2024\\\/03\\\/Armonia-Studio_negro.png\",\"width\":724,\"height\":79,\"caption\":\"Armon\u00eda Studio\"},\"image\":{\"@id\":\"\\\/#\\\/schema\\\/logo\\\/image\\\/\"},\"sameAs\":[\"https:\\\/\\\/www.instagram.com\\\/armoniastudio.madrid\\\/\"]}]}<\/script>\n<!-- \/ Yoast SEO plugin. -->","yoast_head_json":{"title":"Dos et cou - Armon\u00eda Studio","robots":{"index":"index","follow":"follow","max-snippet":"max-snippet:-1","max-image-preview":"max-image-preview:large","max-video-preview":"max-video-preview:-1"},"canonical":"http:\/\/armoniastudio.es\/fr\/espalda-y-cuello\/","og_locale":"fr_FR","og_type":"article","og_title":"Dos et cou - Armon\u00eda Studio","og_description":"Terapias Espalda y cuello En Armon\u00eda studio, entendemos que cada persona es \u00fanica y requiere un enfoque personalizado para abordar sus necesidades de salud y bienestar. Es por eso que te ofrecemos asesoramiento gratuito para dise\u00f1ar tu plan de tratamiento personalizado espec\u00edficamente para terapias de espalda y cuello. Nuestros tratamientos, como las clases terap\u00e9uticas de...","og_url":"http:\/\/armoniastudio.es\/fr\/espalda-y-cuello\/","og_site_name":"Armon\u00eda Studio","article_modified_time":"2024-11-12T06:59:53+00:00","og_image":[{"url":"http:\/\/armoniastudio.es\/wp-content\/uploads\/2024\/05\/ELODIE-59.jpg","type":"","width":"","height":""}],"twitter_card":"summary_large_image","twitter_misc":{"Dur\u00e9e de lecture estim\u00e9e":"1 minute"},"schema":{"@context":"https:\/\/schema.org","@graph":[{"@type":"WebPage","@id":"http:\/\/armoniastudio.es\/fr\/espalda-y-cuello\/","url":"http:\/\/armoniastudio.es\/fr\/espalda-y-cuello\/","name":"Dos et cou - Armon\u00eda Studio","isPartOf":{"@id":"\/#website"},"primaryImageOfPage":{"@id":"http:\/\/armoniastudio.es\/fr\/espalda-y-cuello\/#primaryimage"},"image":{"@id":"http:\/\/armoniastudio.es\/fr\/espalda-y-cuello\/#primaryimage"},"thumbnailUrl":"http:\/\/armoniastudio.es\/wp-content\/uploads\/2024\/05\/ELODIE-59.jpg","datePublished":"2017-11-08T18:11:56+00:00","dateModified":"2024-11-12T06:59:53+00:00","breadcrumb":{"@id":"http:\/\/armoniastudio.es\/fr\/espalda-y-cuello\/#breadcrumb"},"inLanguage":"fr-FR","potentialAction":[{"@type":"ReadAction","target":["http:\/\/armoniastudio.es\/fr\/espalda-y-cuello\/"]}]},{"@type":"ImageObject","inLanguage":"fr-FR","@id":"http:\/\/armoniastudio.es\/fr\/espalda-y-cuello\/#primaryimage","url":"http:\/\/armoniastudio.es\/wp-content\/uploads\/2024\/05\/ELODIE-59.jpg","contentUrl":"http:\/\/armoniastudio.es\/wp-content\/uploads\/2024\/05\/ELODIE-59.jpg"},{"@type":"BreadcrumbList","@id":"http:\/\/armoniastudio.es\/fr\/espalda-y-cuello\/#breadcrumb","itemListElement":[{"@type":"ListItem","position":1,"name":"Portada","item":"https:\/\/armoniastudio.es\/fr\/"},{"@type":"ListItem","position":2,"name":"Dos et cou"}]},{"@type":"WebSite","@id":"\/#website","url":"\/","name":"Armon\u00eda Studio","description":"","publisher":{"@id":"\/#organization"},"potentialAction":[{"@type":"SearchAction","target":{"@type":"EntryPoint","urlTemplate":"\/?s={search_term_string}"},"query-input":{"@type":"PropertyValueSpecification","valueRequired":true,"valueName":"search_term_string"}}],"inLanguage":"fr-FR"},{"@type":"Organization","@id":"\/#organization","name":"Armon\u00eda Studio","url":"\/","logo":{"@type":"ImageObject","inLanguage":"fr-FR","@id":"\/#\/schema\/logo\/image\/","url":"http:\/\/armoniastudio.es\/wp-content\/uploads\/2024\/03\/Armonia-Studio_negro.png","contentUrl":"http:\/\/armoniastudio.es\/wp-content\/uploads\/2024\/03\/Armonia-Studio_negro.png","width":724,"height":79,"caption":"Armon\u00eda Studio"},"image":{"@id":"\/#\/schema\/logo\/image\/"},"sameAs":["https:\/\/www.instagram.com\/armoniastudio.madrid\/"]}]}},"_links":{"self":[{"href":"http:\/\/armoniastudio.es\/fr\/wp-json\/wp\/v2\/pages\/988556","targetHints":{"allow":["GET"]}}],"collection":[{"href":"http:\/\/armoniastudio.es\/fr\/wp-json\/wp\/v2\/pages"}],"about":[{"href":"http:\/\/armoniastudio.es\/fr\/wp-json\/wp\/v2\/types\/page"}],"author":[{"embeddable":true,"href":"http:\/\/armoniastudio.es\/fr\/wp-json\/wp\/v2\/users\/1"}],"replies":[{"embeddable":true,"href":"http:\/\/armoniastudio.es\/fr\/wp-json\/wp\/v2\/comments?post=988556"}],"version-history":[{"count":2,"href":"http:\/\/armoniastudio.es\/fr\/wp-json\/wp\/v2\/pages\/988556\/revisions"}],"predecessor-version":[{"id":988559,"href":"http:\/\/armoniastudio.es\/fr\/wp-json\/wp\/v2\/pages\/988556\/revisions\/988559"}],"wp:attachment":[{"href":"http:\/\/armoniastudio.es\/fr\/wp-json\/wp\/v2\/media?parent=988556"}],"curies":[{"name":"wp","href":"https:\/\/api.w.org\/{rel}","templated":true}]}}