{"id":988658,"date":"2024-05-06T08:26:03","date_gmt":"2024-05-06T08:26:03","guid":{"rendered":"https:\/\/armoniastudio.es\/retiro-les-grands-chenes\/"},"modified":"2024-11-14T18:16:03","modified_gmt":"2024-11-14T17:16:03","slug":"retiro-les-grands-chenes","status":"publish","type":"page","link":"http:\/\/armoniastudio.es\/fr\/retiro-les-grands-chenes\/","title":{"rendered":"Les Grands Ch\u00eanes"},"content":{"rendered":"<div class=\"vgblk-rw-wrapper limit-wrapper\">\n\n\t\t\t\t<a href=\"https:\/\/armoniastudio.es\/wp-content\/uploads\/2024\/05\/unnamed-10.png\" target=\"_self\" itemprop=\"url\" title=\"unnamed (10)\" rel=\"noopener\">\n\t\t\t\t\t\t\t<img loading=\"lazy\" decoding=\"async\" width=\"512\" height=\"271\" src=\"http:\/\/armoniastudio.es\/wp-content\/uploads\/2024\/05\/unnamed-10.png\" alt=\"unnamed (10)\" itemprop=\"image\" data-link-type=\"lightbox\" title=\"unnamed (10)\" onerror=\"this.style.display='none'\"  sizes=\"auto, (max-width: 768px) 100vw, 100vw\" srcset=\"https:\/\/armoniastudio.es\/wp-content\/uploads\/2024\/05\/unnamed-10.png 512w, https:\/\/armoniastudio.es\/wp-content\/uploads\/2024\/05\/unnamed-10-300x159.png 300w, https:\/\/armoniastudio.es\/wp-content\/uploads\/2024\/05\/unnamed-10-420x222.png 420w, https:\/\/armoniastudio.es\/wp-content\/uploads\/2024\/05\/unnamed-10-315x167.png 315w\" \/>\t\t\t\t\t\t<\/a>\n\t\t\t\t<a href=\"https:\/\/armoniastudio.es\/wp-content\/uploads\/2024\/05\/unnamed-11.png\" target=\"_self\" itemprop=\"url\" title=\"unnamed (11)\" rel=\"noopener\">\n\t\t\t\t\t\t\t<img loading=\"lazy\" decoding=\"async\" width=\"512\" height=\"254\" src=\"http:\/\/armoniastudio.es\/wp-content\/uploads\/2024\/05\/unnamed-11.png\" alt=\"unnamed (11)\" itemprop=\"image\" data-link-type=\"lightbox\" title=\"unnamed (11)\" onerror=\"this.style.display='none'\"  sizes=\"auto, (max-width: 768px) 100vw, 100vw\" srcset=\"https:\/\/armoniastudio.es\/wp-content\/uploads\/2024\/05\/unnamed-11.png 512w, https:\/\/armoniastudio.es\/wp-content\/uploads\/2024\/05\/unnamed-11-300x149.png 300w, https:\/\/armoniastudio.es\/wp-content\/uploads\/2024\/05\/unnamed-11-420x208.png 420w, https:\/\/armoniastudio.es\/wp-content\/uploads\/2024\/05\/unnamed-11-315x156.png 315w\" \/>\t\t\t\t\t\t<\/a>\n<h1>\n\tRetiro Espitirual Revitalizante\n\t<\/h1>\n<h2>\n\t23 al 26 de mayo de 2024\n\t<\/h2>\n<h3>\n\t\u00ab\u00a0Les Grands Ch\u00eanes\u00a0\u00bb, Pa\u00eds Vasco\n\t<\/h3>\n\t<p>Bienvenidos a <b><i>Les Grands Ch\u00eanes Verts<\/i><\/b>, un oasis de serenidad situado entre monta\u00f1as y mar, en <b>el coraz\u00f3n del hermoso Pa\u00eds Vasco franc\u00e9s.<\/b><\/p>\n<p>Ubicada en <b>URRUGNE,<\/b> cerca de San Juan de Luz (a 5 km), esta aut\u00e9ntica y acogedora granja vasca te dar\u00e1 la bienvenida desde <b>el jueves 23 hasta el domingo 26 de mayo de 2024,<\/b> para una estancia <b>totalmente dedicada a tu bienestar.<\/b><\/p>\n<p>Rodeados de robles centenarios en un entorno de tres hect\u00e1reas de vegetaci\u00f3n, te recibiremos para cuidarte y compartir un momento atemporal.<\/p>\n\t\t\t\t\t\t\t<img loading=\"lazy\" decoding=\"async\" width=\"512\" height=\"341\" src=\"http:\/\/armoniastudio.es\/wp-content\/uploads\/2024\/05\/unnamed-12.png\" alt=\"unnamed (12)\" itemprop=\"image\" title=\"unnamed (12)\" onerror=\"this.style.display='none'\"  sizes=\"auto, (max-width: 768px) 100vw, 100vw\" srcset=\"https:\/\/armoniastudio.es\/wp-content\/uploads\/2024\/05\/unnamed-12.png 512w, https:\/\/armoniastudio.es\/wp-content\/uploads\/2024\/05\/unnamed-12-300x200.png 300w, https:\/\/armoniastudio.es\/wp-content\/uploads\/2024\/05\/unnamed-12-420x280.png 420w, https:\/\/armoniastudio.es\/wp-content\/uploads\/2024\/05\/unnamed-12-315x210.png 315w\" \/>\t\t\t\t\t\t\t\n<h3>\n\tUn remanso de paz donde la naturaleza y la autenticidad se encuentran armoniosamente\n\t<\/h3>\n\t<p>Lejos del tumulto de la vida cotidiana, te invitamos a recargar energ\u00edas, tom\u00e1ndote un tiempo para ti mismo, reconectando contigo mismo en este encantador y preservado lugar, en el coraz\u00f3n del Pa\u00eds Vasco.<\/p>\n\t<a href=\"https:\/\/armoniastudio.es\/sobre-mi\/#contacto\" target=\"_self\" role=\"button\" rel=\"noopener\">\n\t\t\t\t\tReserva tu plaza\n\t<\/a>\n\t<h3><b>Las sesiones de GYROKINESIS\u00ae<\/b><\/h3>\n<p>Restaura tu vitalidad con las suaves sesiones de Gyrokinesis\u00ae que \u00c9lodie te ofrecer\u00e1 por la ma\u00f1ana y por la noche.<\/p>\n<p>Gracias a un enfoque \u00fanico de movimientos fluidos y armoniosos coordinados con una respiraci\u00f3n profunda y consciente, esta pr\u00e1ctica hol\u00edstica permite <b>mejorar la postura, estirar y fortalecer los m\u00fasculos suavemente, aumentar la amplitud y flexibilidad,<\/b> mientras se <b>alivian las tensiones f\u00edsicas y emocionales.<\/b>\u00a0<\/p>\n<p><img loading=\"lazy\" decoding=\"async\" src=\"http:\/\/armoniastudio.es\/wp-content\/uploads\/2024\/04\/ELODIE-1-1024x683.jpg\" alt=\"\" width=\"1024\" height=\"683\" \/><\/p>\n<p>Accesible para todos, el m\u00e9todo GYROKINESIS\u00ae te ayudar\u00e1 a revitalizar cuerpo y mente, y a mejorar tu bienestar.<\/p>\n<h3>Los tratamientos y masajes<\/h3>\n<p>Dejate ser mimado con los exclusivos tratamientos que te ofrece Elodie, terapeuta experta en bienestar hol\u00edstico. Dise\u00f1ados para <b>calmar la mente, revitalizar el cuerpo y restaurar la armon\u00eda interior, te proporcionar\u00e1n una relajaci\u00f3n profunda y absoluta.<\/b><\/p>\n<p><b>. <\/b><b>El masaje facial Cosmo Lifting Japon\u00e9s:\u00a0<\/b><\/p>\n<p>Mucho m\u00e1s que un simple tratamiento facial, es una revoluci\u00f3n en el campo del cuidado de la piel, dise\u00f1ado por el Instituto de Reflexolog\u00eda Facial Lone Sorensen\u2122.<\/p>\n<p>Este m\u00e9todo ofrece un enfoque hol\u00edstico, completamente manual y natural, que act\u00faa de manera sincronizada en los desequilibrios f\u00edsicos y emocionales. Gracias a su enfoque integrador, el Cosmo Lifting restablece la armon\u00eda del organismo realineando los flujos de energ\u00eda que recorren todo nuestro ser.<\/p>\n<p><img loading=\"lazy\" decoding=\"async\" src=\"http:\/\/armoniastudio.es\/wp-content\/uploads\/2024\/05\/ELODIE-83-1024x683.jpg\" alt=\"\" width=\"1024\" height=\"683\" \/><\/p>\n<p>M\u00e1s all\u00e1 de los beneficios para la salud,<b> los efectos de la terapia se reflejan de inmediato en el rostro, logrando resultados impresionantes en su apariencia:<\/b> la piel y los tejidos profundos se tonifican, y los m\u00fasculos faciales se fortalecen, redefiniendo as\u00ed el contorno facial.<\/p>\n<p><b>\u00a1Un tratamiento excepcional que te brindar\u00e1 una relajaci\u00f3n profunda y una sensaci\u00f3n de bienestar incomparable!<\/b><\/p>\n<h3>El Quiromasaje<\/h3>\n<p>\u00a1Una experiencia exclusiva de bienestar donde cada movimiento es cuidadosamente orquestado por las manos expertas de Elodie, guiadas por una profunda intenci\u00f3n de <b>aliviar tus tensiones y despertar tu vitalidad!<\/b><\/p>\n<p><b><img loading=\"lazy\" decoding=\"async\" src=\"http:\/\/armoniastudio.es\/wp-content\/uploads\/2024\/05\/ELODIE-37-1-1024x683.jpg\" alt=\"\" width=\"1024\" height=\"683\" \/><\/b><\/p>\n<p>Cada fricci\u00f3n, cada amasamiento, cada presi\u00f3n es una danza en tu piel, dirigida a liberar los nudos de estr\u00e9s y avivar tu energ\u00eda interior.\u00a0<\/p>\n<p>\u00a1Reg\u00e1late un momento de aut\u00e9ntica conexi\u00f3n con tu cuerpo, <b>estimulando la circulaci\u00f3n, aliviando dolores, y dej\u00e1ndote llevar por una intensa sensaci\u00f3n de relajaci\u00f3n y bienestar!<\/b><\/p>\n<h3>Tratamiento energ\u00e9tico REIKI<\/h3>\n<p>Descubre los beneficios calmantes del Reiki, <b>una pr\u00e1ctica ancestral que reconforta el alma y apacigua el cuerpo<\/b>. Con sus suaves vibraciones energ\u00e9ticas, <b>el Reiki libera las tensiones, estimula la curaci\u00f3n natural y equilibra las emociones.<\/b><\/p>\n<p><b>\u00a1Sum\u00e9rgete en un oc\u00e9ano de calma interior y d\u00e9jate llevar por una sensaci\u00f3n de bienestar profundo y duradero!<\/b><\/p>\n<p>&nbsp;<\/p>\n<h2>PROGRAMA<\/h2>\n<p><b>\u00bfD\u00d3NDE?<\/b><\/p>\n<p>Les Grands Ch\u00eanes<\/p>\n<p>215, Chemin de Bettiribaita\u00a0\u00a0\u00a0\u00a0<\/p>\n<p>64122 Urrugne, Pa\u00eds Vasco<\/p>\n<p>Francia<\/p>\n<p><a href=\"https:\/\/www.lesgrandschenes64.fr\/\">https:\/\/www.lesgrandschenes64.fr\/<\/a><\/p>\n<p><b>\u00bfCU\u00c1NDO?<\/b><\/p>\n<p>Jueves 23 de mayo, 18h &#8211; Domingo 26 de mayo, 16h<\/p>\n<p><b>Jueves 23 de mayo<\/b><\/p>\n<p>18:00  Recepci\u00f3n<\/p>\n<p>19:00 &#8211; 20:15  Pr\u00e1ctica de Respiraci\u00f3n en Coherencia Card\u00edaca y Sesi\u00f3n suave de GYROKINESIS\u00ae<\/p>\n<p>20:30- 21:30 Cena<\/p>\n<p><b>Viernes 24 y S\u00e1bado 25 de mayo<\/b><\/p>\n<p>8:15 &#8211; 8:30 \u00ab\u00a0Oil Pulling\u00a0\u00bb, enjuague bucal desintoxicante Ayurv\u00e9dico<\/p>\n<p>8:45 &#8211; 9:45 Despertar de los sentidos y Sesi\u00f3n suave de GYROKINESIS\u00ae<\/p>\n<p>9:45 &#8211; 10:15  Desayuno<\/p>\n<p>10:30 &#8211; 13:00  Masajes y tiempo libre (piscina, lectura&#8230;)<\/p>\n<p>13:15 &#8211; 14:15  Almuerzo<\/p>\n<p>14:30 &#8211; 17.15 Masajes y tiempo libre\u00a0<\/p>\n<p>17:30 &#8211; 18:30  Sesi\u00f3n suave de GYROKINESIS\u00ae y pr\u00e1ctica de respiraci\u00f3n en coherencia card\u00edaca<\/p>\n<p>18:45 &#8211; 19:45  Tiempo libre<\/p>\n<p>19:45 &#8211; 20:45  Cena<\/p>\n<p><b>Domingo 26 de mayo<\/b><\/p>\n<p>8:15 &#8211; 8:30  \u00ab\u00a0Oil Pulling\u00a0\u00bb, enjuague bucal desintoxicante Ayurv\u00e9dico<\/p>\n<p>8:45 &#8211; 9:45  Despertar de los sentidos y Sesi\u00f3n suave de GYROKINESIS\u00ae<\/p>\n<p>9:45 &#8211; 10:15  Desayuno<\/p>\n<p>10:30 &#8211; 13:00  Masajes y tiempo libre<\/p>\n<p>13:15 &#8211; 14:15  Almuerzo<\/p>\n<p>16.00  Fin de la estancia<\/p>\n<p>&nbsp;<\/p>\n<h2>PRECIO RETIRO<\/h2>\n<ul>\n<li><b>En habitaci\u00f3n individual,<\/b> cama doble con ba\u00f1o,<\/li>\n<\/ul>\n<p>paquete de estancia: <b>780\u20ac \/ persona<\/b><\/p>\n<ul>\n<li><b>En habitaci\u00f3n doble,<\/b> 2 camas individuales con ba\u00f1o,<\/li>\n<\/ul>\n<p>paquete de estancia: <b>700\u20ac \/ persona<\/b><\/p>\n<p><b>Incluido<\/b><b>:<\/b><\/p>\n<ul>\n<li>Alojamiento<\/li>\n<li>Comidas saludables, sabrosas y elaboradas con productos locales, en pensi\u00f3n completa (3 comidas\/d\u00eda).<\/li>\n<li>Barra de t\u00e9s disponibles continuamente.<\/li>\n<li>3 tratamientos individuales (1 masaje corporal relajante, 1 masaje de reflexolog\u00eda facial Cosmo Lifting japon\u00e9s\u2122\ufe0f, 1 tratamiento energ\u00e9tico Reiki).<\/li>\n<li>6 sesiones colectivas de GYROKINESIS\u00ae.<\/li>\n<li>Acceso libre al parque y a la piscina.<\/li>\n<li>Si llegas en tren a la estaci\u00f3n de St-Jean-de-Luz, te recogeremos y te llevaremos de vuelta para tu regreso<\/li>\n<\/ul>\n<p><b>No incluido<\/b><b>:<\/b><\/p>\n<ul>\n<li>El transporte no est\u00e1 incluido en la estancia.<\/li>\n<li>El seguro personal<\/li>\n<\/ul>\n\t<a href=\"https:\/\/armoniastudio.es\/sobre-mi\/#contacto\" target=\"_self\" role=\"button\" rel=\"noopener\">\n\t\t\t\t\tReserva tu plaza\n\t<\/a>\n\n<\/div><!-- .vgblk-rw-wrapper -->","protected":false},"excerpt":{"rendered":"<p>Retiro Espitirual Revitalizante 23 al 26 de mayo de 2024 \u00ab\u00a0Les Grands Ch\u00eanes\u00a0\u00bb, Pa\u00eds Vasco Bienvenidos a Les Grands Ch\u00eanes Verts, un oasis de serenidad situado entre monta\u00f1as y mar, en el coraz\u00f3n del hermoso Pa\u00eds Vasco franc\u00e9s. Ubicada en URRUGNE, cerca de San Juan de Luz (a 5 km), esta aut\u00e9ntica y acogedora granja&#8230;<\/p>\n","protected":false},"author":1,"featured_media":0,"parent":0,"menu_order":0,"comment_status":"closed","ping_status":"closed","template":"","meta":{"inline_featured_image":false,"_joinchat":[],"footnotes":""},"class_list":["post-988658","page","type-page","status-publish","hentry"],"yoast_head":"<!-- This site is optimized with the Yoast SEO plugin v28.4 - https:\/\/yoast.com\/product\/yoast-seo-wordpress\/ -->\n<title>Les Grands Ch\u00eanes - Armon\u00eda Studio<\/title>\n<meta name=\"robots\" content=\"index, follow, max-snippet:-1, max-image-preview:large, max-video-preview:-1\" \/>\n<link rel=\"canonical\" href=\"http:\/\/armoniastudio.es\/fr\/retiro-les-grands-chenes\/\" \/>\n<meta property=\"og:locale\" content=\"fr_FR\" \/>\n<meta property=\"og:type\" content=\"article\" \/>\n<meta property=\"og:title\" content=\"Les Grands Ch\u00eanes - Armon\u00eda Studio\" \/>\n<meta property=\"og:description\" content=\"Retiro Espitirual Revitalizante 23 al 26 de mayo de 2024 \u00ab\u00a0Les Grands Ch\u00eanes\u00a0\u00bb, Pa\u00eds Vasco Bienvenidos a Les Grands Ch\u00eanes Verts, un oasis de serenidad situado entre monta\u00f1as y mar, en el coraz\u00f3n del hermoso Pa\u00eds Vasco franc\u00e9s. Ubicada en URRUGNE, cerca de San Juan de Luz (a 5 km), esta aut\u00e9ntica y acogedora granja...\" \/>\n<meta property=\"og:url\" content=\"http:\/\/armoniastudio.es\/fr\/retiro-les-grands-chenes\/\" \/>\n<meta property=\"og:site_name\" content=\"Armon\u00eda Studio\" \/>\n<meta property=\"article:modified_time\" content=\"2024-11-14T17:16:03+00:00\" \/>\n<meta property=\"og:image\" content=\"http:\/\/armoniastudio.es\/wp-content\/uploads\/2024\/05\/unnamed-10.png\" \/>\n<meta name=\"twitter:card\" content=\"summary_large_image\" \/>\n<meta name=\"twitter:label1\" content=\"Dur\u00e9e de lecture estim\u00e9e\" \/>\n\t<meta name=\"twitter:data1\" content=\"4 minutes\" \/>\n<script type=\"application\/ld+json\" class=\"yoast-schema-graph\">{\"@context\":\"https:\\\/\\\/schema.org\",\"@graph\":[{\"@type\":\"WebPage\",\"@id\":\"http:\\\/\\\/armoniastudio.es\\\/fr\\\/retiro-les-grands-chenes\\\/\",\"url\":\"http:\\\/\\\/armoniastudio.es\\\/fr\\\/retiro-les-grands-chenes\\\/\",\"name\":\"Les Grands Ch\u00eanes - Armon\u00eda Studio\",\"isPartOf\":{\"@id\":\"\\\/#website\"},\"primaryImageOfPage\":{\"@id\":\"http:\\\/\\\/armoniastudio.es\\\/fr\\\/retiro-les-grands-chenes\\\/#primaryimage\"},\"image\":{\"@id\":\"http:\\\/\\\/armoniastudio.es\\\/fr\\\/retiro-les-grands-chenes\\\/#primaryimage\"},\"thumbnailUrl\":\"http:\\\/\\\/armoniastudio.es\\\/wp-content\\\/uploads\\\/2024\\\/05\\\/unnamed-10.png\",\"datePublished\":\"2024-05-06T08:26:03+00:00\",\"dateModified\":\"2024-11-14T17:16:03+00:00\",\"breadcrumb\":{\"@id\":\"http:\\\/\\\/armoniastudio.es\\\/fr\\\/retiro-les-grands-chenes\\\/#breadcrumb\"},\"inLanguage\":\"fr-FR\",\"potentialAction\":[{\"@type\":\"ReadAction\",\"target\":[\"http:\\\/\\\/armoniastudio.es\\\/fr\\\/retiro-les-grands-chenes\\\/\"]}]},{\"@type\":\"ImageObject\",\"inLanguage\":\"fr-FR\",\"@id\":\"http:\\\/\\\/armoniastudio.es\\\/fr\\\/retiro-les-grands-chenes\\\/#primaryimage\",\"url\":\"http:\\\/\\\/armoniastudio.es\\\/wp-content\\\/uploads\\\/2024\\\/05\\\/unnamed-10.png\",\"contentUrl\":\"http:\\\/\\\/armoniastudio.es\\\/wp-content\\\/uploads\\\/2024\\\/05\\\/unnamed-10.png\"},{\"@type\":\"BreadcrumbList\",\"@id\":\"http:\\\/\\\/armoniastudio.es\\\/fr\\\/retiro-les-grands-chenes\\\/#breadcrumb\",\"itemListElement\":[{\"@type\":\"ListItem\",\"position\":1,\"name\":\"Portada\",\"item\":\"https:\\\/\\\/armoniastudio.es\\\/fr\\\/\"},{\"@type\":\"ListItem\",\"position\":2,\"name\":\"Les Grands Ch\u00eanes\"}]},{\"@type\":\"WebSite\",\"@id\":\"\\\/#website\",\"url\":\"\\\/\",\"name\":\"Armon\u00eda Studio\",\"description\":\"\",\"publisher\":{\"@id\":\"\\\/#organization\"},\"potentialAction\":[{\"@type\":\"SearchAction\",\"target\":{\"@type\":\"EntryPoint\",\"urlTemplate\":\"\\\/?s={search_term_string}\"},\"query-input\":{\"@type\":\"PropertyValueSpecification\",\"valueRequired\":true,\"valueName\":\"search_term_string\"}}],\"inLanguage\":\"fr-FR\"},{\"@type\":\"Organization\",\"@id\":\"\\\/#organization\",\"name\":\"Armon\u00eda Studio\",\"url\":\"\\\/\",\"logo\":{\"@type\":\"ImageObject\",\"inLanguage\":\"fr-FR\",\"@id\":\"\\\/#\\\/schema\\\/logo\\\/image\\\/\",\"url\":\"http:\\\/\\\/armoniastudio.es\\\/wp-content\\\/uploads\\\/2024\\\/03\\\/Armonia-Studio_negro.png\",\"contentUrl\":\"http:\\\/\\\/armoniastudio.es\\\/wp-content\\\/uploads\\\/2024\\\/03\\\/Armonia-Studio_negro.png\",\"width\":724,\"height\":79,\"caption\":\"Armon\u00eda Studio\"},\"image\":{\"@id\":\"\\\/#\\\/schema\\\/logo\\\/image\\\/\"},\"sameAs\":[\"https:\\\/\\\/www.instagram.com\\\/armoniastudio.madrid\\\/\"]}]}<\/script>\n<!-- \/ Yoast SEO plugin. -->","yoast_head_json":{"title":"Les Grands Ch\u00eanes - Armon\u00eda Studio","robots":{"index":"index","follow":"follow","max-snippet":"max-snippet:-1","max-image-preview":"max-image-preview:large","max-video-preview":"max-video-preview:-1"},"canonical":"http:\/\/armoniastudio.es\/fr\/retiro-les-grands-chenes\/","og_locale":"fr_FR","og_type":"article","og_title":"Les Grands Ch\u00eanes - Armon\u00eda Studio","og_description":"Retiro Espitirual Revitalizante 23 al 26 de mayo de 2024 \u00ab\u00a0Les Grands Ch\u00eanes\u00a0\u00bb, Pa\u00eds Vasco Bienvenidos a Les Grands Ch\u00eanes Verts, un oasis de serenidad situado entre monta\u00f1as y mar, en el coraz\u00f3n del hermoso Pa\u00eds Vasco franc\u00e9s. Ubicada en URRUGNE, cerca de San Juan de Luz (a 5 km), esta aut\u00e9ntica y acogedora granja...","og_url":"http:\/\/armoniastudio.es\/fr\/retiro-les-grands-chenes\/","og_site_name":"Armon\u00eda Studio","article_modified_time":"2024-11-14T17:16:03+00:00","og_image":[{"url":"http:\/\/armoniastudio.es\/wp-content\/uploads\/2024\/05\/unnamed-10.png","type":"","width":"","height":""}],"twitter_card":"summary_large_image","twitter_misc":{"Dur\u00e9e de lecture estim\u00e9e":"4 minutes"},"schema":{"@context":"https:\/\/schema.org","@graph":[{"@type":"WebPage","@id":"http:\/\/armoniastudio.es\/fr\/retiro-les-grands-chenes\/","url":"http:\/\/armoniastudio.es\/fr\/retiro-les-grands-chenes\/","name":"Les Grands Ch\u00eanes - Armon\u00eda Studio","isPartOf":{"@id":"\/#website"},"primaryImageOfPage":{"@id":"http:\/\/armoniastudio.es\/fr\/retiro-les-grands-chenes\/#primaryimage"},"image":{"@id":"http:\/\/armoniastudio.es\/fr\/retiro-les-grands-chenes\/#primaryimage"},"thumbnailUrl":"http:\/\/armoniastudio.es\/wp-content\/uploads\/2024\/05\/unnamed-10.png","datePublished":"2024-05-06T08:26:03+00:00","dateModified":"2024-11-14T17:16:03+00:00","breadcrumb":{"@id":"http:\/\/armoniastudio.es\/fr\/retiro-les-grands-chenes\/#breadcrumb"},"inLanguage":"fr-FR","potentialAction":[{"@type":"ReadAction","target":["http:\/\/armoniastudio.es\/fr\/retiro-les-grands-chenes\/"]}]},{"@type":"ImageObject","inLanguage":"fr-FR","@id":"http:\/\/armoniastudio.es\/fr\/retiro-les-grands-chenes\/#primaryimage","url":"http:\/\/armoniastudio.es\/wp-content\/uploads\/2024\/05\/unnamed-10.png","contentUrl":"http:\/\/armoniastudio.es\/wp-content\/uploads\/2024\/05\/unnamed-10.png"},{"@type":"BreadcrumbList","@id":"http:\/\/armoniastudio.es\/fr\/retiro-les-grands-chenes\/#breadcrumb","itemListElement":[{"@type":"ListItem","position":1,"name":"Portada","item":"https:\/\/armoniastudio.es\/fr\/"},{"@type":"ListItem","position":2,"name":"Les Grands Ch\u00eanes"}]},{"@type":"WebSite","@id":"\/#website","url":"\/","name":"Armon\u00eda Studio","description":"","publisher":{"@id":"\/#organization"},"potentialAction":[{"@type":"SearchAction","target":{"@type":"EntryPoint","urlTemplate":"\/?s={search_term_string}"},"query-input":{"@type":"PropertyValueSpecification","valueRequired":true,"valueName":"search_term_string"}}],"inLanguage":"fr-FR"},{"@type":"Organization","@id":"\/#organization","name":"Armon\u00eda Studio","url":"\/","logo":{"@type":"ImageObject","inLanguage":"fr-FR","@id":"\/#\/schema\/logo\/image\/","url":"http:\/\/armoniastudio.es\/wp-content\/uploads\/2024\/03\/Armonia-Studio_negro.png","contentUrl":"http:\/\/armoniastudio.es\/wp-content\/uploads\/2024\/03\/Armonia-Studio_negro.png","width":724,"height":79,"caption":"Armon\u00eda Studio"},"image":{"@id":"\/#\/schema\/logo\/image\/"},"sameAs":["https:\/\/www.instagram.com\/armoniastudio.madrid\/"]}]}},"_links":{"self":[{"href":"http:\/\/armoniastudio.es\/fr\/wp-json\/wp\/v2\/pages\/988658","targetHints":{"allow":["GET"]}}],"collection":[{"href":"http:\/\/armoniastudio.es\/fr\/wp-json\/wp\/v2\/pages"}],"about":[{"href":"http:\/\/armoniastudio.es\/fr\/wp-json\/wp\/v2\/types\/page"}],"author":[{"embeddable":true,"href":"http:\/\/armoniastudio.es\/fr\/wp-json\/wp\/v2\/users\/1"}],"replies":[{"embeddable":true,"href":"http:\/\/armoniastudio.es\/fr\/wp-json\/wp\/v2\/comments?post=988658"}],"version-history":[{"count":1,"href":"http:\/\/armoniastudio.es\/fr\/wp-json\/wp\/v2\/pages\/988658\/revisions"}],"predecessor-version":[{"id":988659,"href":"http:\/\/armoniastudio.es\/fr\/wp-json\/wp\/v2\/pages\/988658\/revisions\/988659"}],"wp:attachment":[{"href":"http:\/\/armoniastudio.es\/fr\/wp-json\/wp\/v2\/media?parent=988658"}],"curies":[{"name":"wp","href":"https:\/\/api.w.org\/{rel}","templated":true}]}}