{"id":988711,"date":"2024-07-15T09:04:40","date_gmt":"2024-07-15T08:04:40","guid":{"rendered":"https:\/\/armoniastudio.es\/politique-de-confidentialite-du-site-web\/"},"modified":"2024-11-15T08:20:57","modified_gmt":"2024-11-15T07:20:57","slug":"politique-de-confidentialite-du-site-web","status":"publish","type":"page","link":"http:\/\/armoniastudio.es\/fr\/politique-de-confidentialite-du-site-web\/","title":{"rendered":"POLITIQUE DE CONFIDENTIALIT\u00c9  DU SITE WEB"},"content":{"rendered":"<div class=\"vgblk-rw-wrapper limit-wrapper\">\n<h4 class=\"wp-block-heading\">https:\/\/armoniastudio.es\/<\/h4>\n\n<h3 class=\"wp-block-heading\"> I. POLITIQUE DE  CONFIDENTIALIT\u00c9 ET PROTECTION DES DONN\u00c9ES<\/h3>\n\n<p class=\"wp-block-paragraph\"> En respectant ce qui est \u00e9tabli par la l\u00e9gislation en vigueur, Armon\u00eda Studio (ciapr\u00e8s, \u00e9galement d\u00e9nomm\u00e9 Site Web) s&rsquo;engage \u00e0 adopter les mesures techniques et organisationnelles n\u00e9cessaires, en fonction du niveau de s\u00e9curit\u00e9 appropri\u00e9 au risque des donn\u00e9es collect\u00e9es<\/p>\n\n<h4 class=\"wp-block-heading\">L\u00e9gislations int\u00e9gr\u00e9es dans cette politique de confidentialit\u00e9\u2028<\/h4>\n\n<p class=\"wp-block-paragraph\">Cette politique de confidentialit\u00e9 est adapt\u00e9e \u00e0 la l\u00e9gislation espagnole et europ\u00e9enne en vigueur en mati\u00e8re de protection des donn\u00e9es personnelles sur Internet. En particulier, elle respecte les normes suivantes :<\/p>\n\n<ul class=\"wp-block-list\">\n<li>Le R\u00e8glement (UE) 2016\/679 du Parlement Europ\u00e9en et du Conseil, du 27 avril 2016, relatif \u00e0 la protection des personnes physiques \u00e0 l&rsquo;\u00e9gard du traitement des donn\u00e9es \u00e0 caract\u00e8re personnel et \u00e0 la libre circulation de ces donn\u00e9es (RGPD).<\/li>\n\n\n\n<li> La Loi Organique 3\/2018, du 5 d\u00e9cembre, sur la Protection des Donn\u00e9es Personnelles et garantie des droits num\u00e9riques (LOPD-GDD).<\/li>\n\n\n\n<li> Le D\u00e9cret Royal 1720\/2007, du 21 d\u00e9cembre, approuvant le r\u00e8glement de d\u00e9veloppement de la Loi Organique 15\/1999, du 13 d\u00e9cembre, sur la Protection des Donn\u00e9es \u00e0 Caract\u00e8re Personnel (RDLOPD).<\/li>\n\n\n\n<li> La Loi 34\/2002, du 11 juillet, sur les Services de la Soci\u00e9t\u00e9 de l&rsquo;Information et du Commerce \u00c9lectronique (LSSI-CE)<\/li>\n<\/ul>\n\n<h4 class=\"wp-block-heading\"> Identit\u00e9 du responsable du traitement des donn\u00e9es personnelles\u2028<\/h4>\n\n<p class=\"wp-block-paragraph\"> Le responsable du traitement des donn\u00e9es personnelles collect\u00e9es par Armon\u00eda Studio est : Elodie Cordonnier, avec NIF : Y0812267J (ci-apr\u00e8s, Responsable du traitement). Ses coordonn\u00e9es sont les suivantes :<\/p>\n\n<p class=\"wp-block-paragraph\"> Le responsable du traitement des donn\u00e9es personnelles collect\u00e9es par Armon\u00eda Studio est : Elodie Cordonnier, avec NIF : Y0812267J (ci-apr\u00e8s, Responsable du traitement). Ses coordonn\u00e9es sont les suivantes :<\/p>\n\n<p class=\"wp-block-paragraph\">Adresse : Calle de la Pedriza 8, 28002 Madrid<\/p>\n\n<p class=\"wp-block-paragraph\">T\u00e9l\u00e9phone de contact : +34 658 395 100<\/p>\n\n<p class=\"wp-block-paragraph\">Fax:<\/p>\n\n<p class=\"wp-block-paragraph\"> Email de contact : elodie@armoniastudio.es<\/p>\n\n<h4 class=\"wp-block-heading\">Enregistrement des Donn\u00e9es \u00e0  Caract\u00e8re Personnel<\/h4>\n\n<p class=\"wp-block-paragraph\">Conform\u00e9ment aux dispositions du RGPD et de la LOPD-GDD, nous vous informons que les donn\u00e9es personnelles recueillies par Armon\u00eda Studio, via les formulaires pr\u00e9sents sur ses pages, seront int\u00e9gr\u00e9es et trait\u00e9es dans notre fichier afin de faciliter, d&rsquo;acc\u00e9l\u00e9rer et de respecter les engagements \u00e9tablis entre Armon\u00eda Studio et l&rsquo;Utilisateur ou pour maintenir la relation qui pourrait \u00eatre \u00e9tablie dans les formulaires remplis par celui-ci, ou encore pour r\u00e9pondre \u00e0 une demande ou une question. De plus, conform\u00e9ment aux dispositions du RGPD et de la LOPD-GDD, sauf si l&rsquo;exception pr\u00e9vue \u00e0 l&rsquo;article 30.5 du RGPD s&rsquo;applique, un registre des activit\u00e9s de traitement est tenu, sp\u00e9cifiant, selon leurs finalit\u00e9s, les activit\u00e9s de traitement effectu\u00e9es et les autres circonstances \u00e9tablies dans le RGPD.<\/p>\n\n<h4 class=\"wp-block-heading\"> Principes  applicables au traitement des donn\u00e9es personnelles<\/h4>\n\n<p class=\"wp-block-paragraph\"> Le traitement des donn\u00e9es personnelles de l&rsquo;Utilisateur sera soumis aux principes suivants, \u00e9nonc\u00e9s \u00e0 l&rsquo;article 5 du RGPD et \u00e0 l&rsquo;article 4 et suivants de la Loi Organique 3\/2018, du 5 d\u00e9cembre, relative \u00e0 la protection des donn\u00e9es personnelles et \u00e0 la garantie des droits num\u00e9riques :<\/p>\n\n<ul class=\"wp-block-list\">\n<li>1. Principe de lic\u00e9it\u00e9, de loyaut\u00e9 et de transparence : le consentement de l&rsquo;Utilisateur sera requis \u00e0 tout moment, avec une information totalement transparente sur les finalit\u00e9s pour lesquelles les donn\u00e9es personnelles sont recueillies.<\/li>\n\n\n\n<li> 2. Principe de limitation de la finalit\u00e9 : les donn\u00e9es personnelles seront recueillies \u00e0 des fins d\u00e9termin\u00e9es, explicites et l\u00e9gitimes<\/li>\n\n\n\n<li> 3. Principe de minimisation des donn\u00e9es : seules les donn\u00e9es personnelles strictement n\u00e9cessaires \u00e0 la r\u00e9alisation des finalit\u00e9s pour lesquelles elles sont trait\u00e9es seront recueillies.<\/li>\n\n\n\n<li> 4. Principe d&rsquo;exactitude : les donn\u00e9es personnelles doivent \u00eatre exactes et toujours \u00e0 jour.<\/li>\n\n\n\n<li>5. Principe de limitation de la dur\u00e9e de conservation : les donn\u00e9es personnelles ne seront conserv\u00e9es que pendant la dur\u00e9e n\u00e9cessaire aux fins pour lesquelles elles sont trait\u00e9es.<\/li>\n\n\n\n<li>6. Principe d&rsquo;int\u00e9grit\u00e9 et de confidentialit\u00e9 : les donn\u00e9es personnelles seront trait\u00e9es de mani\u00e8re \u00e0 garantir leur s\u00e9curit\u00e9 et leur confidentialit\u00e9.<\/li>\n\n\n\n<li> 7. Principe de responsabilit\u00e9 proactive : le Responsable du traitement sera charg\u00e9 de s&rsquo;assurer du respect des principes pr\u00e9c\u00e9dents.<\/li>\n<\/ul>\n\n<h4 class=\"wp-block-heading\">Cat\u00e9gories de donn\u00e9es personnelles<\/h4>\n\n<p class=\"wp-block-paragraph\">Les cat\u00e9gories de donn\u00e9es trait\u00e9es chez Armon\u00eda Studio sont uniquement des donn\u00e9es identifiantes. En aucun cas, des cat\u00e9gories sp\u00e9ciales de donn\u00e9es personnelles, au sens de l&rsquo;article 9 du RGPD, ne sont trait\u00e9es.<\/p>\n\n<p class=\"wp-block-paragraph\"> Les cat\u00e9gories de donn\u00e9es trait\u00e9es chez Armon\u00eda Studio incluent \u00e0 la fois des donn\u00e9es identifiantes et des cat\u00e9gories sp\u00e9ciales de donn\u00e9es personnelles, au sens de l&rsquo;article 9 du RGPD<\/p>\n\n<p class=\"wp-block-paragraph\">Sont consid\u00e9r\u00e9es comme cat\u00e9gories sp\u00e9ciales de donn\u00e9es personnelles celles qui r\u00e9v\u00e8lent l&rsquo;origine ethnique ou raciale, les opinions politiques, les convictions religieuses ou philosophiques, ou l&rsquo;appartenance syndicale, ainsi que le traitement des donn\u00e9es g\u00e9n\u00e9tiques, des donn\u00e9es biom\u00e9triques visant \u00e0 identifier de mani\u00e8reunique une personne physique, des donn\u00e9es relatives \u00e0 la sant\u00e9 ou \u00e0 la vie sexuelle ou \u00e0 l&rsquo;orientation sexuelle d&rsquo;une personne physique.<\/p>\n\n<p class=\"wp-block-paragraph\">Pour le traitement de ces cat\u00e9gories sp\u00e9ciales de donn\u00e9es personnelles, il sera n\u00e9cessaire dans tous les cas d&rsquo;obtenir le consentement explicite de l&rsquo;Utilisateur pour un ou plusieurs objectifs sp\u00e9cifiques.<\/p>\n\n<h4 class=\"wp-block-heading\">Base l\u00e9gale pour le  traitement des donn\u00e9es personnelles<\/h4>\n\n<p class=\"wp-block-paragraph\"> La base l\u00e9gale pour le traitement des donn\u00e9es personnelles est le consentement. Armon\u00eda Studio s&rsquo;engage \u00e0 recueillir le consentement explicite et v\u00e9rifiable de l&rsquo;Utilisateur pour le traitement de ses donn\u00e9es personnelles pour un ou plusieurs objectifs sp\u00e9cifiques.<\/p>\n\n<p class=\"wp-block-paragraph\"> L&rsquo;Utilisateur a le droit de retirer son consentement \u00e0 tout moment. Il sera aussi simple de retirer le consentement que de le donner. En r\u00e8gle g\u00e9n\u00e9rale, le retrait du consentement n&rsquo;affectera pas l&rsquo;utilisation du Site Web.<\/p>\n\n<p class=\"wp-block-paragraph\">Dans les cas o\u00f9 l&rsquo;Utilisateur doit ou peut fournir ses donn\u00e9es via des formulaires pour poser des questions, demander des informations ou pour des raisons li\u00e9es au contenu du Site Web, il sera inform\u00e9 si la fourniture de certaines donn\u00e9es est obligatoire en raison de leur n\u00e9cessit\u00e9 pour le bon d\u00e9roulement de l&rsquo;op\u00e9ration en cours.<\/p>\n\n<h4 class=\"wp-block-heading\">Finalit\u00e9s du traitement auxquelles les donn\u00e9es personnelles sont  destin\u00e9es <\/h4>\n\n<p class=\"wp-block-paragraph\">Les donn\u00e9es personnelles sont collect\u00e9es et trait\u00e9es par Armon\u00eda Studio dans le but de faciliter, d&rsquo;acc\u00e9l\u00e9rer et de remplir les engagements \u00e9tablis entre le Site Web et l&rsquo;Utilisateur ou pour maintenir la relation qui d\u00e9coule des formulaires que l&rsquo;Utilisateur remplit, ou pour r\u00e9pondre \u00e0 une demande ou \u00e0 une consultation.<\/p>\n\n<p class=\"wp-block-paragraph\">De plus, les donn\u00e9es peuvent \u00eatre utilis\u00e9es \u00e0 des fins commerciales de personnalisation, d&rsquo;op\u00e9ration et de statistiques, ainsi que pour les activit\u00e9s propres \u00e0 l&rsquo;objet social d&rsquo;Armon\u00eda Studio, telles que l&rsquo;extraction, le stockage de donn\u00e9es et les \u00e9tudes de marketing pour adapter le Contenu propos\u00e9 \u00e0 l&rsquo;Utilisateur et am\u00e9liorer la qualit\u00e9, le fonctionnement et la navigation sur le Site Web.<\/p>\n\n<p class=\"wp-block-paragraph\">Au moment de la collecte des donn\u00e9es personnelles, l&rsquo;Utilisateur sera inform\u00e9 de la ou des finalit\u00e9s sp\u00e9cifiques du traitement auquel les donn\u00e9es personnelles seront destin\u00e9es ; c\u2019est-\u00e0-dire de l&rsquo;utilisation qui sera faite des informations collect\u00e9es.<\/p>\n\n<h4 class=\"wp-block-heading\">P\u00e9riodes de r\u00e9tention des  donn\u00e9es personnelles<\/h4>\n\n<p class=\"wp-block-paragraph\"> Les donn\u00e9es personnelles ne seront conserv\u00e9es que pendant le temps minimum n\u00e9cessaire aux fins de leur traitement et, en tout \u00e9tat de cause, uniquement pendant la p\u00e9riode suivante : , ou jusqu&rsquo;\u00e0 ce que l&rsquo;Utilisateur en demande la suppression.<\/p>\n\n<p class=\"wp-block-paragraph\">Au moment de la collecte des donn\u00e9es personnelles, l&rsquo;Utilisateur sera inform\u00e9 de la dur\u00e9e pendant laquelle les donn\u00e9es personnelles seront conserv\u00e9es ou, lorsque cela n&rsquo;est pas possible, des crit\u00e8res utilis\u00e9s pour d\u00e9terminer cette dur\u00e9e.<\/p>\n\n<h4 class=\"wp-block-heading\">Destinataires des donn\u00e9es personnelles<\/h4>\n\n<p class=\"wp-block-paragraph\"> Les donn\u00e9es personnelles de l&rsquo;Utilisateur ne seront pas partag\u00e9es avec des  tiers.<\/p>\n\n<p class=\"wp-block-paragraph\">En tout \u00e9tat de cause, au moment de la collecte des donn\u00e9es personnelles, l&rsquo;Utilisateur sera inform\u00e9 des destinataires ou des cat\u00e9gories de destinataires des donn\u00e9es personnelles.<\/p>\n\n<p class=\"wp-block-paragraph\"> Les donn\u00e9es personnelles de l&rsquo;Utilisateur seront partag\u00e9es avec les destinataires ou les cat\u00e9gories de destinataires suivants :<\/p>\n\n<pre class=\"wp-block-preformatted\"><\/pre>\n\n<p class=\"wp-block-paragraph\">Dans le cas o\u00f9 le Responsable du traitement aurait l&rsquo;intention de transf\u00e9rer des donn\u00e9es personnelles vers un pays tiers ou une organisation internationale, au moment de la collecte des donn\u00e9es personnelles, l&rsquo;Utilisateur sera inform\u00e9 du pays tiers ou de l&rsquo;organisation internationale vers lequel les donn\u00e9es doivent \u00eatre transf\u00e9r\u00e9es, ainsi que de l&rsquo;existence ou de l&rsquo;absence d&rsquo;une d\u00e9cision d&rsquo;ad\u00e9quation de la Commission.<\/p>\n\n<h4 class=\"wp-block-heading\"> Donn\u00e9es personnelles des mineurs <\/h4>\n\n<p class=\"wp-block-paragraph\">Respectant les dispositions des articles 8 du RGPD et 7 de la Loi Organique 3\/2018, du 5 d\u00e9cembre, sur la Protection des Donn\u00e9es Personnelles et la garantie des droits num\u00e9riques, seuls les majeurs de 14 ans pourront donner leur consentement pour le traitement de leurs donn\u00e9es personnelles de mani\u00e8re licite par Armon\u00eda Studio. Pour les mineurs de moins de 14 ans, le consentement des parents ou tuteurs sera n\u00e9cessaire pour le traitement, et celui-ci ne sera consid\u00e9r\u00e9 comme licite que dans la mesure o\u00f9 ils l&rsquo;auront autoris\u00e9.<\/p>\n\n<h4 class=\"wp-block-heading\"> Secret et s\u00e9curit\u00e9 des donn\u00e9es personnelles <\/h4>\n\n<p class=\"wp-block-paragraph\">Armon\u00eda Studio s&rsquo;engage \u00e0 adopter les mesures techniques et organisationnelles n\u00e9cessaires, selon le niveau de s\u00e9curit\u00e9 ad\u00e9quat au risque des donn\u00e9es collect\u00e9es, de mani\u00e8re \u00e0 garantir la s\u00e9curit\u00e9 des donn\u00e9es \u00e0 caract\u00e8re personnel et \u00e0 \u00e9viter la destruction, la perte ou l&rsquo;alt\u00e9ration accidentelle ou illicite des donn\u00e9es personnelles transmises, conserv\u00e9es ou trait\u00e9es de toute autre mani\u00e8re, ainsi que la communication ou l&rsquo;acc\u00e8s non autoris\u00e9s \u00e0 ces donn\u00e9es.<\/p>\n\n<p class=\"wp-block-paragraph\">Le Site Web dispose d&rsquo;un certificat SSL (Secure Socket Layer), qui garantit que les donn\u00e9es personnelles sont transmises de mani\u00e8re s\u00e9curis\u00e9e et confidentielle, la transmission des donn\u00e9es entre le serveur et l&rsquo;Utilisateur, ainsi qu&rsquo;en retour, \u00e9tant totalement chiffr\u00e9e.<\/p>\n\n<p class=\"wp-block-paragraph\">Cependant, \u00e9tant donn\u00e9 qu&rsquo;Armon\u00eda Studio ne peut garantir l&rsquo;immunit\u00e9 d&rsquo;internet ni l&rsquo;absence totale de hackers ou d&rsquo;autres personnes acc\u00e9dant frauduleusement aux donn\u00e9es personnelles, le Responsable du traitement s&rsquo;engage \u00e0 informer l&rsquo;Utilisateur sans d\u00e9lai injustifi\u00e9 lorsqu&rsquo;une violation de la s\u00e9curit\u00e9 des donn\u00e9es personnelles susceptible d&rsquo;engendrer un risque \u00e9lev\u00e9 pour les droits et libert\u00e9s des personnes physiques se produit. Conform\u00e9ment \u00e0 l&rsquo;article 4 du RGPD, on entend par violation de la s\u00e9curit\u00e9 des donn\u00e9es personnelles toute violation de la s\u00e9curit\u00e9 entra\u00eenant la destruction, la perte ou l&rsquo;alt\u00e9ration accidentelle ou illicite de donn\u00e9es personnelles transmises, conserv\u00e9es ou trait\u00e9es de toute autre mani\u00e8re, ou la communication ou l&rsquo;acc\u00e8s non autoris\u00e9s \u00e0 ces donn\u00e9es.<\/p>\n\n<p class=\"wp-block-paragraph\"> Les donn\u00e9es personnelles seront trait\u00e9es comme confidentielles par le Responsable du traitement, qui s&rsquo;engage \u00e0 informer et \u00e0 garantir, par une obligation l\u00e9gale ou contractuelle, que cette confidentialit\u00e9 sera respect\u00e9e par ses employ\u00e9s, associ\u00e9s et toute personne \u00e0 laquelle il rend l&rsquo;information accessible.<\/p>\n\n<h4 class=\"wp-block-heading\">Droits d\u00e9riv\u00e9s du  traitement des donn\u00e9es personnelles<\/h4>\n\n<p class=\"wp-block-paragraph\"> L&rsquo;Utilisateur a des droits sur Armon\u00eda Studio et pourra, par cons\u00e9quent, exercer aupr\u00e8s du Responsable du traitement les droits suivants reconnus par le RGPD et la Loi Organique 3\/2018, du 5 d\u00e9cembre, sur la Protection des Donn\u00e9es Personnelles et la garantie des droits num\u00e9riques :<\/p>\n\n<ul class=\"wp-block-list\">\n<li>Droit d&rsquo;acc\u00e8s: Il s&rsquo;agit du droit de l&rsquo;Utilisateur d&rsquo;obtenir la confirmation qu&rsquo;Armon\u00eda Studio traite ou non ses donn\u00e9es personnelles et, le cas \u00e9ch\u00e9ant, d&rsquo;obtenir des informations sur ses donn\u00e9es personnelles concr\u00e8tes et sur le traitement effectu\u00e9 ou \u00e0 effectuer par Armon\u00eda Studio, ainsi que, entre autres, des informations disponibles sur l&rsquo;origine de ces donn\u00e9es et les destinatairesdes communications effectu\u00e9es ou pr\u00e9vues.<\/li>\n\n\n\n<li>Droit de rectification: Il s&rsquo;agit du droit de l&rsquo;Utilisateur de faire modifier ses donn\u00e9es personnelles qui s&rsquo;av\u00e8rent inexactes ou, compte tenu des finalit\u00e9s du traitement, incompl\u00e8tes.<\/li>\n\n\n\n<li>Droit de suppression (\u00ab droit \u00e0 l&rsquo;oubli \u00bb): Il s&rsquo;agit du droit de l&rsquo;Utilisateur, sauf disposition contraire de la l\u00e9gislation en vigueur, d&rsquo;obtenir la suppression de ses donn\u00e9es personnelles lorsque celles-ci ne sont plus n\u00e9cessaires aux fins pour lesquelles elles ont \u00e9t\u00e9 collect\u00e9es ou trait\u00e9es ; l&rsquo;Utilisateur a retir\u00e9 son consentement au traitement et ce traitement ne repose sur aucune autre base l\u00e9gale ; l&rsquo;Utilisateur s&rsquo;oppose au traitement et il n&rsquo;existe aucune autre raison l\u00e9gitime de le poursuivre ; les donn\u00e9es personnelles ont \u00e9t\u00e9 trait\u00e9es illicitement; les donn\u00e9es personnelles doivent \u00eatre supprim\u00e9es en vertu d&rsquo;une obligation l\u00e9gale ; ou les donn\u00e9es personnelles ont \u00e9t\u00e9 obtenues \u00e0 la suite d&rsquo;une offre directe de services de la soci\u00e9t\u00e9 de l&rsquo;information \u00e0 un mineur de moins de 14 ans. En plus de supprimer les donn\u00e9es, le Responsable du traitement, compte tenu de la technologie disponible et du co\u00fbt de son&#13;\napplication, devra adopter des mesures raisonnables pour informer les responsables qui traitent les donn\u00e9es personnelles de la demande de l&rsquo;Utilisateur de suppression de tout lien vers ces donn\u00e9es personnelles.<\/li>\n\n\n\n<li>Droit \u00e0 la limitation du traitement: Il s&rsquo;agit du droit de l&rsquo;Utilisateur de limiter le traitement de ses donn\u00e9es personnelles. L&rsquo;Utilisateur a le droit d&rsquo;obtenir la limitation du traitement lorsque la pr\u00e9cision de ses donn\u00e9es personnelles est contest\u00e9e ; le traitement est illicite ; le Responsable du traitement n&rsquo;a plus besoin des donn\u00e9es personnelles, mais l&rsquo;Utilisateur en a besoin pour faire des r\u00e9clamations ; et lorsque l&rsquo;Utilisateur s&rsquo;est oppos\u00e9 au traitement.<\/li>\n\n\n\n<li>Droit \u00e0 la portabilit\u00e9 des donn\u00e9es: Dans le cas o\u00f9 le traitement est effectu\u00e9 par des moyens automatis\u00e9s, l&rsquo;Utilisateur aura le droit de recevoir du Responsable du traitement ses donn\u00e9es personnelles dans un format structur\u00e9, d&rsquo;usage courant et lisible par machine, et de les transmettre \u00e0 un autre Responsable du traitement. Dans la mesure o\u00f9 cela est techniquement possible, le Responsable du traitement transmettra directement les donn\u00e9es \u00e0 cet autre Responsable.<\/li>\n\n\n\n<li>Droit d&rsquo;opposition: Il s&rsquo;agit du droit de l&rsquo;Utilisateur de ne pas voir ses donn\u00e9es personnelles trait\u00e9es ou de demander l&rsquo;arr\u00eat de ce traitement par Armon\u00eda Studio.<\/li>\n\n\n\n<li>Droit de ne pas faire l&rsquo;objet d&rsquo;une d\u00e9cision bas\u00e9e uniquement sur le traitement automatis\u00e9, y compris le profilage: Il s&rsquo;agit du droit de l&rsquo;Utilisateur de ne pas faire l&rsquo;objet d&rsquo;une d\u00e9cision individualis\u00e9e bas\u00e9e uniquement sur le traitement automatis\u00e9 de ses donn\u00e9es personnelles, y compris le profilage, sauf disposition contraire de la l\u00e9gislation en vigueur.<\/li>\n<\/ul>\n\n<p class=\"wp-block-paragraph\">Ainsi, l&rsquo;Utilisateur pourra exercer ses droits par le biais d&rsquo;une communication \u00e9crite adress\u00e9e au Responsable du traitement avec la r\u00e9f\u00e9rence \u00ab RGPD https:\/\/armoniastudio.es\/ \u00bb, en pr\u00e9cisant <\/p>\n\n<ul class=\"wp-block-list\">\n<li>Nom, pr\u00e9nom de l&rsquo;Utilisateur et copie de la carte d&rsquo;identit\u00e9. Dans les cas o\u00f9 la repr\u00e9sentation est accept\u00e9e, l&rsquo;identification par le m\u00eame moyen de la personne repr\u00e9sentant l&rsquo;Utilisateur sera \u00e9galement n\u00e9cessaire, ainsi que le document prouvant la repr\u00e9sentation. La photocopie de la carte d&rsquo;identit\u00e9 pourra \u00eatre remplac\u00e9e par tout autre moyen valide en droit attestant de l&rsquo;identit\u00e9.<\/li>\n\n\n\n<li>Demande avec les motifs sp\u00e9cifiques de la requ\u00eate ou les informations auxquelles l&rsquo;Utilisateur souhaite acc\u00e9der.<\/li>\n\n\n\n<li>Adresse pour les notifications.<\/li>\n\n\n\n<li>Date et signature du demandeur.<\/li>\n\n\n\n<li> Tout document justifiant la demande formul\u00e9e<\/li>\n<\/ul>\n\n<p class=\"wp-block-paragraph\">Cette demande et tout autre document joint pourront \u00eatre envoy\u00e9s \u00e0 l&rsquo;adresse  suivante et\/ou par email :<\/p>\n\n<p class=\"wp-block-paragraph\">Adresse postale : Calle de la Pedriza 8, 28002 Madrid<\/p>\n\n<p class=\"wp-block-paragraph\"> E-mail : elodie@armoniastudio.es<\/p>\n\n<h4 class=\"wp-block-heading\"> Liens vers des sites web tiers<\/h4>\n\n<p class=\"wp-block-paragraph\">Le Site Web peut inclure des hyperliens ou des liens permettant d&rsquo;acc\u00e9der \u00e0 des pages web de tiers distincts d&rsquo;Armon\u00eda Studio, qui ne sont donc pas exploit\u00e9es par Armon\u00eda Studio. Les responsables de ces sites web disposeront de leurs propres politiques de protection des donn\u00e9es, \u00e9tant eux-m\u00eames, dans chaque cas, responsables de leurs propres fichiers et de leurs propres pratiques de confidentialit\u00e9.<\/p>\n\n<h4 class=\"wp-block-heading\">R\u00e9clamations aupr\u00e8s de l&rsquo;autorit\u00e9 de contr\u00f4le<\/h4>\n\n<p class=\"wp-block-paragraph\">Si l&rsquo;Utilisateur consid\u00e8re qu&rsquo;il existe un probl\u00e8me ou une infraction \u00e0 la r\u00e9glementation en vigueur concernant la mani\u00e8re dont ses donn\u00e9es personnelles sont trait\u00e9es, il a le droit \u00e0 une protection judiciaire effective et \u00e0 d\u00e9poser une plainte aupr\u00e8s d&rsquo;une autorit\u00e9 de contr\u00f4le, en particulier dans l&rsquo;\u00c9tat o\u00f9 il a sa r\u00e9sidence habituelle, son lieu de travail ou le lieu de la pr\u00e9tendue infraction. En Espagne, l&rsquo;autorit\u00e9 de contr\u00f4le est l&rsquo;Agence espagnole de protection des donn\u00e9es (https:\/\/www.aepd.es\/).<\/p>\n\n<h3 class=\"wp-block-heading\">ACCEPTATION ET MODIFICATIONS DE LA POLITIQUE DE CONFIDENTIALIT\u00c9<\/h3>\n\n<p class=\"wp-block-paragraph\"> Il est n\u00e9cessaire que l&rsquo;Utilisateur ait lu et soit d&rsquo;accord avec les conditions concernant la protection des donn\u00e9es \u00e0 caract\u00e8re personnel contenues dans cette Politique de Confidentialit\u00e9, ainsi que d&rsquo;accepter le traitement de ses donn\u00e9es personnelles pour que le Responsable du traitement puisse proc\u00e9der de la mani\u00e8re, durant les d\u00e9lais et pour les finalit\u00e9s indiqu\u00e9es. L&rsquo;utilisation du Site Web impliquera l&rsquo;acceptation de sa Politique de Confidentialit\u00e9<\/p>\n\n<p class=\"wp-block-paragraph\">Armon\u00eda Studio se r\u00e9serve le droit de modifier sa Politique de Confidentialit\u00e9, selon son propre jugement, ou en raison d&rsquo;un changement l\u00e9gislatif, jurisprudentiel ou doctrinal de l&rsquo;Agence espagnole de protection des donn\u00e9es. Les changements ou mises \u00e0 jour de cette Politique de Confidentialit\u00e9 ne seront pas notifi\u00e9s explicitement \u00e0 l&rsquo;Utilisateur. Il est recommand\u00e9 \u00e0 l&rsquo;Utilisateur de consulter cette page de mani\u00e8re p\u00e9riodique pour \u00eatre inform\u00e9 des derniers changements ou mises \u00e0 jour.<\/p>\n\n<p class=\"wp-block-paragraph\">Cette Politique de Confidentialit\u00e9 a \u00e9t\u00e9 mise \u00e0 jour pour s&rsquo;adapter au R\u00e8glement (UE) 2016\/679 du Parlement europ\u00e9en et du Conseil, du 27 avril 2016, relatif \u00e0 la protection des personnes physiques en ce qui concerne le traitement des donn\u00e9es personnelles et \u00e0 la libre circulation de ces donn\u00e9es (RGPD) et \u00e0 la Loi organique 3\/2018, du 5 d\u00e9cembre, sur la protection des donn\u00e9es personnelles et la garantie des droits num\u00e9riques.<\/p>\n<\/div><!-- .vgblk-rw-wrapper -->","protected":false},"excerpt":{"rendered":"<p>https:\/\/armoniastudio.es\/ I. POLITIQUE DE CONFIDENTIALIT\u00c9 ET PROTECTION DES DONN\u00c9ES En respectant ce qui est \u00e9tabli par la l\u00e9gislation en vigueur, Armon\u00eda Studio (ciapr\u00e8s, \u00e9galement d\u00e9nomm\u00e9 Site Web) s&rsquo;engage \u00e0 adopter les mesures techniques et organisationnelles n\u00e9cessaires, en fonction du niveau de s\u00e9curit\u00e9 appropri\u00e9 au risque des donn\u00e9es collect\u00e9es L\u00e9gislations int\u00e9gr\u00e9es dans cette politique de confidentialit\u00e9\u2028&#8230;<\/p>\n","protected":false},"author":1,"featured_media":0,"parent":0,"menu_order":0,"comment_status":"closed","ping_status":"closed","template":"","meta":{"inline_featured_image":false,"_joinchat":[],"footnotes":""},"class_list":["post-988711","page","type-page","status-publish","hentry"],"yoast_head":"<!-- This site is optimized with the Yoast SEO plugin v28.4 - https:\/\/yoast.com\/product\/yoast-seo-wordpress\/ -->\n<title>POLITIQUE DE CONFIDENTIALIT\u00c9 DU SITE WEB - Armon\u00eda Studio<\/title>\n<meta name=\"robots\" content=\"index, follow, max-snippet:-1, max-image-preview:large, max-video-preview:-1\" \/>\n<link rel=\"canonical\" href=\"http:\/\/armoniastudio.es\/fr\/politique-de-confidentialite-du-site-web\/\" \/>\n<meta property=\"og:locale\" content=\"fr_FR\" \/>\n<meta property=\"og:type\" content=\"article\" \/>\n<meta property=\"og:title\" content=\"POLITIQUE DE CONFIDENTIALIT\u00c9 DU SITE WEB - Armon\u00eda Studio\" \/>\n<meta property=\"og:description\" content=\"https:\/\/armoniastudio.es\/ I. POLITIQUE DE CONFIDENTIALIT\u00c9 ET PROTECTION DES DONN\u00c9ES En respectant ce qui est \u00e9tabli par la l\u00e9gislation en vigueur, Armon\u00eda Studio (ciapr\u00e8s, \u00e9galement d\u00e9nomm\u00e9 Site Web) s&rsquo;engage \u00e0 adopter les mesures techniques et organisationnelles n\u00e9cessaires, en fonction du niveau de s\u00e9curit\u00e9 appropri\u00e9 au risque des donn\u00e9es collect\u00e9es L\u00e9gislations int\u00e9gr\u00e9es dans cette politique de confidentialit\u00e9\u2028...\" \/>\n<meta property=\"og:url\" content=\"http:\/\/armoniastudio.es\/fr\/politique-de-confidentialite-du-site-web\/\" \/>\n<meta property=\"og:site_name\" content=\"Armon\u00eda Studio\" \/>\n<meta property=\"article:modified_time\" content=\"2024-11-15T07:20:57+00:00\" \/>\n<meta name=\"twitter:card\" content=\"summary_large_image\" \/>\n<meta name=\"twitter:label1\" content=\"Dur\u00e9e de lecture estim\u00e9e\" \/>\n\t<meta name=\"twitter:data1\" content=\"15 minutes\" \/>\n<script type=\"application\/ld+json\" class=\"yoast-schema-graph\">{\"@context\":\"https:\\\/\\\/schema.org\",\"@graph\":[{\"@type\":\"WebPage\",\"@id\":\"http:\\\/\\\/armoniastudio.es\\\/fr\\\/politique-de-confidentialite-du-site-web\\\/\",\"url\":\"http:\\\/\\\/armoniastudio.es\\\/fr\\\/politique-de-confidentialite-du-site-web\\\/\",\"name\":\"POLITIQUE DE CONFIDENTIALIT\u00c9 DU SITE WEB - Armon\u00eda Studio\",\"isPartOf\":{\"@id\":\"\\\/#website\"},\"datePublished\":\"2024-07-15T08:04:40+00:00\",\"dateModified\":\"2024-11-15T07:20:57+00:00\",\"breadcrumb\":{\"@id\":\"http:\\\/\\\/armoniastudio.es\\\/fr\\\/politique-de-confidentialite-du-site-web\\\/#breadcrumb\"},\"inLanguage\":\"fr-FR\",\"potentialAction\":[{\"@type\":\"ReadAction\",\"target\":[\"http:\\\/\\\/armoniastudio.es\\\/fr\\\/politique-de-confidentialite-du-site-web\\\/\"]}]},{\"@type\":\"BreadcrumbList\",\"@id\":\"http:\\\/\\\/armoniastudio.es\\\/fr\\\/politique-de-confidentialite-du-site-web\\\/#breadcrumb\",\"itemListElement\":[{\"@type\":\"ListItem\",\"position\":1,\"name\":\"Portada\",\"item\":\"https:\\\/\\\/armoniastudio.es\\\/fr\\\/\"},{\"@type\":\"ListItem\",\"position\":2,\"name\":\"POLITIQUE DE CONFIDENTIALIT\u00c9 DU SITE WEB\"}]},{\"@type\":\"WebSite\",\"@id\":\"\\\/#website\",\"url\":\"\\\/\",\"name\":\"Armon\u00eda Studio\",\"description\":\"\",\"publisher\":{\"@id\":\"\\\/#organization\"},\"potentialAction\":[{\"@type\":\"SearchAction\",\"target\":{\"@type\":\"EntryPoint\",\"urlTemplate\":\"\\\/?s={search_term_string}\"},\"query-input\":{\"@type\":\"PropertyValueSpecification\",\"valueRequired\":true,\"valueName\":\"search_term_string\"}}],\"inLanguage\":\"fr-FR\"},{\"@type\":\"Organization\",\"@id\":\"\\\/#organization\",\"name\":\"Armon\u00eda Studio\",\"url\":\"\\\/\",\"logo\":{\"@type\":\"ImageObject\",\"inLanguage\":\"fr-FR\",\"@id\":\"\\\/#\\\/schema\\\/logo\\\/image\\\/\",\"url\":\"http:\\\/\\\/armoniastudio.es\\\/wp-content\\\/uploads\\\/2024\\\/03\\\/Armonia-Studio_negro.png\",\"contentUrl\":\"http:\\\/\\\/armoniastudio.es\\\/wp-content\\\/uploads\\\/2024\\\/03\\\/Armonia-Studio_negro.png\",\"width\":724,\"height\":79,\"caption\":\"Armon\u00eda Studio\"},\"image\":{\"@id\":\"\\\/#\\\/schema\\\/logo\\\/image\\\/\"},\"sameAs\":[\"https:\\\/\\\/www.instagram.com\\\/armoniastudio.madrid\\\/\"]}]}<\/script>\n<!-- \/ Yoast SEO plugin. -->","yoast_head_json":{"title":"POLITIQUE DE CONFIDENTIALIT\u00c9 DU SITE WEB - Armon\u00eda Studio","robots":{"index":"index","follow":"follow","max-snippet":"max-snippet:-1","max-image-preview":"max-image-preview:large","max-video-preview":"max-video-preview:-1"},"canonical":"http:\/\/armoniastudio.es\/fr\/politique-de-confidentialite-du-site-web\/","og_locale":"fr_FR","og_type":"article","og_title":"POLITIQUE DE CONFIDENTIALIT\u00c9 DU SITE WEB - Armon\u00eda Studio","og_description":"https:\/\/armoniastudio.es\/ I. POLITIQUE DE CONFIDENTIALIT\u00c9 ET PROTECTION DES DONN\u00c9ES En respectant ce qui est \u00e9tabli par la l\u00e9gislation en vigueur, Armon\u00eda Studio (ciapr\u00e8s, \u00e9galement d\u00e9nomm\u00e9 Site Web) s&rsquo;engage \u00e0 adopter les mesures techniques et organisationnelles n\u00e9cessaires, en fonction du niveau de s\u00e9curit\u00e9 appropri\u00e9 au risque des donn\u00e9es collect\u00e9es L\u00e9gislations int\u00e9gr\u00e9es dans cette politique de confidentialit\u00e9\u2028...","og_url":"http:\/\/armoniastudio.es\/fr\/politique-de-confidentialite-du-site-web\/","og_site_name":"Armon\u00eda Studio","article_modified_time":"2024-11-15T07:20:57+00:00","twitter_card":"summary_large_image","twitter_misc":{"Dur\u00e9e de lecture estim\u00e9e":"15 minutes"},"schema":{"@context":"https:\/\/schema.org","@graph":[{"@type":"WebPage","@id":"http:\/\/armoniastudio.es\/fr\/politique-de-confidentialite-du-site-web\/","url":"http:\/\/armoniastudio.es\/fr\/politique-de-confidentialite-du-site-web\/","name":"POLITIQUE DE CONFIDENTIALIT\u00c9 DU SITE WEB - Armon\u00eda Studio","isPartOf":{"@id":"\/#website"},"datePublished":"2024-07-15T08:04:40+00:00","dateModified":"2024-11-15T07:20:57+00:00","breadcrumb":{"@id":"http:\/\/armoniastudio.es\/fr\/politique-de-confidentialite-du-site-web\/#breadcrumb"},"inLanguage":"fr-FR","potentialAction":[{"@type":"ReadAction","target":["http:\/\/armoniastudio.es\/fr\/politique-de-confidentialite-du-site-web\/"]}]},{"@type":"BreadcrumbList","@id":"http:\/\/armoniastudio.es\/fr\/politique-de-confidentialite-du-site-web\/#breadcrumb","itemListElement":[{"@type":"ListItem","position":1,"name":"Portada","item":"https:\/\/armoniastudio.es\/fr\/"},{"@type":"ListItem","position":2,"name":"POLITIQUE DE CONFIDENTIALIT\u00c9 DU SITE WEB"}]},{"@type":"WebSite","@id":"\/#website","url":"\/","name":"Armon\u00eda Studio","description":"","publisher":{"@id":"\/#organization"},"potentialAction":[{"@type":"SearchAction","target":{"@type":"EntryPoint","urlTemplate":"\/?s={search_term_string}"},"query-input":{"@type":"PropertyValueSpecification","valueRequired":true,"valueName":"search_term_string"}}],"inLanguage":"fr-FR"},{"@type":"Organization","@id":"\/#organization","name":"Armon\u00eda Studio","url":"\/","logo":{"@type":"ImageObject","inLanguage":"fr-FR","@id":"\/#\/schema\/logo\/image\/","url":"http:\/\/armoniastudio.es\/wp-content\/uploads\/2024\/03\/Armonia-Studio_negro.png","contentUrl":"http:\/\/armoniastudio.es\/wp-content\/uploads\/2024\/03\/Armonia-Studio_negro.png","width":724,"height":79,"caption":"Armon\u00eda Studio"},"image":{"@id":"\/#\/schema\/logo\/image\/"},"sameAs":["https:\/\/www.instagram.com\/armoniastudio.madrid\/"]}]}},"_links":{"self":[{"href":"http:\/\/armoniastudio.es\/fr\/wp-json\/wp\/v2\/pages\/988711","targetHints":{"allow":["GET"]}}],"collection":[{"href":"http:\/\/armoniastudio.es\/fr\/wp-json\/wp\/v2\/pages"}],"about":[{"href":"http:\/\/armoniastudio.es\/fr\/wp-json\/wp\/v2\/types\/page"}],"author":[{"embeddable":true,"href":"http:\/\/armoniastudio.es\/fr\/wp-json\/wp\/v2\/users\/1"}],"replies":[{"embeddable":true,"href":"http:\/\/armoniastudio.es\/fr\/wp-json\/wp\/v2\/comments?post=988711"}],"version-history":[{"count":1,"href":"http:\/\/armoniastudio.es\/fr\/wp-json\/wp\/v2\/pages\/988711\/revisions"}],"predecessor-version":[{"id":988712,"href":"http:\/\/armoniastudio.es\/fr\/wp-json\/wp\/v2\/pages\/988711\/revisions\/988712"}],"wp:attachment":[{"href":"http:\/\/armoniastudio.es\/fr\/wp-json\/wp\/v2\/media?parent=988711"}],"curies":[{"name":"wp","href":"https:\/\/api.w.org\/{rel}","templated":true}]}}